{"id":49312,"date":"2015-12-27T07:25:14","date_gmt":"2015-12-27T07:25:14","guid":{"rendered":"https:\/\/mppt.hu\/project\/2015-december-xvii-evfolyam-4-szam\/"},"modified":"2020-10-29T15:20:28","modified_gmt":"2020-10-29T15:20:28","slug":"2015-december-xvii-evfolyam-4-szam","status":"publish","type":"project","link":"https:\/\/mppt.hu\/en\/project\/2015-december-xvii-evfolyam-4-szam\/","title":{"rendered":"Volume 17, Issue 4, December 2015"},"content":{"rendered":"<p>[et_pb_section fb_built=&#8221;1&#8243; _builder_version=&#8221;3.22.7&#8243; custom_padding=&#8221;||5px|||&#8221;][et_pb_row _builder_version=&#8221;3.25&#8243;][et_pb_column type=&#8221;4_4&#8243; _builder_version=&#8221;3.25&#8243; custom_padding=&#8221;|||&#8221; custom_padding__hover=&#8221;|||&#8221;][et_pb_text _builder_version=&#8221;3.27.4&#8243;]<\/p>\n<h4 style=\"text-align: center;\">VOLUME 17, ISSUE 4, DECEMBER 2015<\/h4>\n<p>[\/et_pb_text][\/et_pb_column][\/et_pb_row][\/et_pb_section][et_pb_section fb_built=&#8221;1&#8243; specialty=&#8221;on&#8221; _builder_version=&#8221;3.22.3&#8243; custom_padding=&#8221;24px|0px|25px|0px|false|false&#8221;][et_pb_column type=&#8221;3_4&#8243; specialty_columns=&#8221;3&#8243; _builder_version=&#8221;3.25&#8243; custom_padding=&#8221;|||&#8221; custom_padding__hover=&#8221;|||&#8221;][et_pb_row_inner _builder_version=&#8221;3.25&#8243;][et_pb_column_inner saved_specialty_column_type=&#8221;3_4&#8243; _builder_version=&#8221;3.25&#8243; custom_padding=&#8221;|||&#8221; custom_padding__hover=&#8221;|||&#8221;][et_pb_blurb title=&#8221;In memoriam Dr. Szil\u00e1rd J\u00e1nos Andr\u00e1s&#8221; url=&#8221;https:\/\/mppt.hu\/magazin\/pdf\/xvii-evfolyam-4-szam\/in_memoriam_szilard_janos.pdf&#8221; url_new_window=&#8221;on&#8221; image=&#8221;https:\/\/mppt.hu\/wp-content\/uploads\/2019\/04\/pdf.png&#8221; icon_placement=&#8221;left&#8221; image_max_width=&#8221;105%&#8221; content_max_width=&#8221;1100px&#8221; _builder_version=&#8221;3.22.7&#8243; header_font=&#8221;||||||||&#8221; header_font_size=&#8221;17px&#8221; header_line_height=&#8221;1.3em&#8221; body_font=&#8221;||on||||||&#8221; body_line_height=&#8221;1.3em&#8221; link_option_url=&#8221;https:\/\/mppt.hu\/magazin\/pdf\/xvii-evfolyam-4-szam\/in_memoriam_szilard_janos.pdf&#8221; link_option_url_new_window=&#8221;on&#8221;]<\/p>\n<p>J\u00e1nos K\u00e1lm\u00e1n<\/p>\n<p>[\/et_pb_blurb][et_pb_toggle title=&#8221;Abstract&#8221; closed_toggle_text_color=&#8221;#000000&#8243; closed_toggle_background_color=&#8221;rgba(0,0,0,0)&#8221; icon_color=&#8221;#0c71c3&#8243; _builder_version=&#8221;3.22.7&#8243; title_font=&#8221;|600|||||||&#8221; title_letter_spacing=&#8221;1px&#8221; text_orientation=&#8221;justified&#8221; custom_padding=&#8221;0px||10px&#8221; border_width_all=&#8221;0px&#8221; border_width_bottom=&#8221;1px&#8221;]<\/p>\n<h4 class=\"art\">In memoriam Dr. Szil\u00e1rd J\u00e1nos Andr\u00e1s<\/h4>\n<div class=\"autors\">\n<p>K\u00e1lm\u00e1n J\u00e1nos<\/p>\n<\/div>\n<hr class=\"system-readmore\" \/>\n<div class=\"artbody\">\n<p>2015. okt\u00f3ber 16-\u00e1n elhunyt Dr. Szil\u00e1rd J\u00e1nos Andr\u00e1s, az orvostudom\u00e1nyok kandid\u00e1tusa, emeritus professzor, a Szent-Gy\u00f6rgyi Albert Orvostudom\u00e1nyi Egyetem rektora, az Ideg- \u00e9s Elmegy\u00f3gy\u00e1szati Klinika kor\u00e1bbi tansz\u00e9kvezet\u0151 egyetemi tan\u00e1ra, a Magyar Pszichi\u00e1triai T\u00e1rsas\u00e1g alap\u00edt\u00f3 tagja, a pszichi\u00e1triai szakma \u00f6n\u00e1ll\u00f3sod\u00e1s\u00e1nak, a szoci\u00e1lpszichi\u00e1triai \u00e9s neuropszichi\u00e1triai szeml\u00e9letm\u00f3d jeles hazai k\u00e9pvisel\u0151je.<\/p>\n<\/div>\n<h4 class=\"art\">\u00a0<\/h4>\n<p>[\/et_pb_toggle][et_pb_blurb title=&#8221;Editoral in Hungarian &#8221; url=&#8221;https:\/\/mppt.hu\/magazin\/pdf\/xvii-evfolyam-4-szam\/editorial_bereczki.pdf&#8221; url_new_window=&#8221;on&#8221; image=&#8221;https:\/\/mppt.hu\/wp-content\/uploads\/2019\/04\/pdf.png&#8221; icon_placement=&#8221;left&#8221; image_max_width=&#8221;105%&#8221; content_max_width=&#8221;1100px&#8221; _builder_version=&#8221;3.22.7&#8243; header_font=&#8221;||||||||&#8221; header_font_size=&#8221;17px&#8221; header_line_height=&#8221;1.3em&#8221; body_font=&#8221;||on||||||&#8221; body_line_height=&#8221;1.3em&#8221; link_option_url=&#8221;https:\/\/mppt.hu\/magazin\/pdf\/xvii-evfolyam-4-szam\/editorial_bereczki.pdf&#8221; link_option_url_new_window=&#8221;on&#8221;]<\/p>\n<p>D\u00e1niel Bereczki<\/p>\n<p>[\/et_pb_blurb][et_pb_toggle title=&#8221;Abstract&#8221; closed_toggle_text_color=&#8221;#000000&#8243; closed_toggle_background_color=&#8221;rgba(0,0,0,0)&#8221; icon_color=&#8221;#0c71c3&#8243; _builder_version=&#8221;3.22.7&#8243; title_font=&#8221;|600|||||||&#8221; title_letter_spacing=&#8221;1px&#8221; text_orientation=&#8221;justified&#8221; custom_padding=&#8221;0px||10px&#8221; border_width_all=&#8221;0px&#8221; border_width_bottom=&#8221;1px&#8221;]<\/p>\n<h4 class=\"art\">Neurofarmakol\u00f3gia 2015: \u00daj ter\u00e1pi\u00e1s lehet\u0151s\u00e9gek \u00e9s j\u00f3l bev\u00e1lt r\u00e9gi gy\u00f3gyszerek<\/h4>\n<div class=\"autors\">\n<p>Bereczki D\u00e1niel<\/p>\n<\/div>\n<hr class=\"system-readmore\" \/>\n<div class=\"artbody\">\n<p>Magyarorsz\u00e1gon \u00e9vente t\u00f6bb mint 100 ezer fekv\u0151 \u00e9s t\u00f6bb mint 1,3 milli\u00f3 ambul\u00e1ns esetet l\u00e1tnak el a neurol\u00f3giai oszt\u00e1lyok \u00e9s szakrendel\u00e9sek (Bereczki \u00e9s Ajtay, 2009). A neurol\u00f3giai k\u00f3r\u00e1llapotok egy r\u00e9sze (akut stroke, epilepszi\u00e1s rohamok, encefalitisz stb.) s\u00fcrg\u0151s k\u00f3rh\u00e1zi felv\u00e9telt \u00e9s ell\u00e1t\u00e1st ig\u00e9nyel, de a legt\u00f6bb neurol\u00f3giai betegs\u00e9g eset\u00e9ben tart\u00f3s, s\u0151t eg\u00e9sz \u00e9letre sz\u00f3l\u00f3 gondoz\u00e1s sz\u00fcks\u00e9ges. A gondoz\u00e1s r\u00e9szben neurol\u00f3giai szakrendel\u00e9seken t\u00f6rt\u00e9nik, de a szakvizsg\u00e1latok k\u00f6z\u00f6tti id\u0151ben fontos a h\u00e1ziorvos szerepe is.<\/p>\n<\/div>\n<p>[\/et_pb_toggle][et_pb_blurb title=&#8221;Current migraine pharmacotherapy&#8221; url=&#8221;https:\/\/mppt.hu\/magazin\/pdf\/xvii-evfolyam-4-szam\/csepany_2015_dec.pdf&#8221; url_new_window=&#8221;on&#8221; image=&#8221;https:\/\/mppt.hu\/wp-content\/uploads\/2019\/04\/pdf.png&#8221; icon_placement=&#8221;left&#8221; image_max_width=&#8221;105%&#8221; content_max_width=&#8221;1100px&#8221; _builder_version=&#8221;3.22.7&#8243; header_font=&#8221;||||||||&#8221; header_font_size=&#8221;17px&#8221; header_line_height=&#8221;1.3em&#8221; body_font=&#8221;||on||||||&#8221; body_line_height=&#8221;1.3em&#8221; link_option_url=&#8221;https:\/\/mppt.hu\/magazin\/pdf\/xvii-evfolyam-4-szam\/csepany_2015_dec.pdf&#8221; link_option_url_new_window=&#8221;on&#8221;]<\/p>\n<p>\u00c9va Cs\u00e9p\u00e1ny, M\u00e1t\u00e9 Magyar, Tam\u00e1s Gy\u00fcre, Gy\u00f6rgy\u00a0 Bozsik and Csaba Ertsey<\/p>\n<p>[\/et_pb_blurb][et_pb_toggle title=&#8221;Abstract&#8221; closed_toggle_text_color=&#8221;#000000&#8243; closed_toggle_background_color=&#8221;rgba(0,0,0,0)&#8221; icon_color=&#8221;#0c71c3&#8243; _builder_version=&#8221;3.22.7&#8243; title_font=&#8221;|600|||||||&#8221; title_letter_spacing=&#8221;1px&#8221; text_orientation=&#8221;justified&#8221; custom_padding=&#8221;0px||10px&#8221; border_width_all=&#8221;0px&#8221; border_width_bottom=&#8221;1px&#8221;]<\/p>\n<p class=\"art\">The exact pathomechanism of migraine is still unknown, currently there are no biomarkers for<br \/>migraine diagnosis, and current animal models reflect only one aspect of migraine, therefore<br \/>future migraine studies are necessary. The current treatment of migraine (both acute and<br \/>preventive) is suboptimal. There are no specific preventive drugs for migraine, and current<br \/>preventatives may become inefficient during long-term use. Triptans are useful abortive<br \/>drugs, but not effective in some of the patients; severe cardio-or cerebrovascular side effects<br \/>may occur. Triptans and ergot alkaloids (and also non-specific abortive agents) can cause<br \/>medication overuse headache. A number of newly synthesized experimental drugs seem to<br \/>be effective and promising for migraine therapy, but at present our experience with these is<br \/>limited, therefore further studies are essential.<\/p>\n<p class=\"art\">Keywords: migraine, therapy, triptans, abortive drugs, preventative drugs, ergot alkaloids,<br \/>aspirin, paracetamol, non-steroidal anti-inflammatory drugs, antiemetics, newly synthesized<br \/>drugs<\/p>\n<p>[\/et_pb_toggle][et_pb_blurb title=&#8221;Tricyclic antidepressant therapy in headache&#8221; url=&#8221;https:\/\/mppt.hu\/magazin\/pdf\/xvii-evfolyam-4-szam\/magyar_2015_dec.pdf&#8221; url_new_window=&#8221;on&#8221; image=&#8221;https:\/\/mppt.hu\/wp-content\/uploads\/2019\/04\/pdf.png&#8221; icon_placement=&#8221;left&#8221; image_max_width=&#8221;105%&#8221; content_max_width=&#8221;1100px&#8221; _builder_version=&#8221;3.22.7&#8243; header_font=&#8221;||||||||&#8221; header_font_size=&#8221;17px&#8221; header_line_height=&#8221;1.3em&#8221; body_font=&#8221;||on||||||&#8221; body_line_height=&#8221;1.3em&#8221; link_option_url=&#8221;https:\/\/mppt.hu\/magazin\/pdf\/xvii-evfolyam-4-szam\/magyar_2015_dec.pdf&#8221; link_option_url_new_window=&#8221;on&#8221;]<\/p>\n<p>M\u00e1t\u00e9 Magyar, \u00c9va Cs\u00e9p\u00e1ny, Tam\u00e1s Gy\u00fcre, Gy\u00f6rgy Bozsik, D\u00e1niel\u00a0 Bereczki and Csaba Ertsey<\/p>\n<p>[\/et_pb_blurb][et_pb_toggle title=&#8221;Abstract&#8221; closed_toggle_text_color=&#8221;#000000&#8243; closed_toggle_background_color=&#8221;rgba(0,0,0,0)&#8221; icon_color=&#8221;#0c71c3&#8243; _builder_version=&#8221;3.22.7&#8243; title_font=&#8221;|600|||||||&#8221; title_letter_spacing=&#8221;1px&#8221; text_orientation=&#8221;justified&#8221; custom_padding=&#8221;0px||10px&#8221; border_width_all=&#8221;0px&#8221; border_width_bottom=&#8221;1px&#8221;]<\/p>\n<p class=\"art\">The two most important representatives of the primary headaches are migraine and tensiontype headache. More than 10% of the population suffer from migraine and even a greater<br \/>part, approximately 30-40% from tension-type headache. These two headache types have<br \/>a great effect both on the individual and on the society. There are two types of therapeutic<br \/>approaches to headaches: the abortive and the prophylactic therapy. Prophylactic treatment<br \/>is used for frequent and\/or difficult-to-treat headache attacks. Although both migraine and<br \/>tension-type headache are often associated with depression, for their treatment \u2013 in contrast<br \/>to the widespread medical opinion \u2013 not all antidepressants were found to be effective.<br \/>Amitriptyline, which is a tricyclic antidepressant, is used as a prophylactic therapy for headache<br \/>since 1968. Its efficacy has been demonstrated in several double-blind, placebo-controlled<br \/>studies. Although the newer types of antidepressant, such as selective serotonin reuptake<br \/>inhibitors and selective serotonin-norepinephrine reuptake inhibitor, have a more favorable<br \/>side-effect profile than tricyclic antidepressants, their headache prophylactic effect has not<br \/>been proven yet.<\/p>\n<p class=\"art\">Keywords: migraine, tension-type headache, prophylactic treatment, antidepressant, tricyclic<br \/>antidepressant<\/p>\n<p>[\/et_pb_toggle][et_pb_blurb title=&#8221;The role of new oral anticoagulants in cerebrovascular diseases&#8221; url=&#8221;https:\/\/mppt.hu\/magazin\/pdf\/xvii-evfolyam-4-szam\/orosz_2015_dec.pdf&#8221; url_new_window=&#8221;on&#8221; image=&#8221;https:\/\/mppt.hu\/wp-content\/uploads\/2019\/04\/pdf.png&#8221; icon_placement=&#8221;left&#8221; image_max_width=&#8221;105%&#8221; content_max_width=&#8221;1100px&#8221; _builder_version=&#8221;3.22.7&#8243; header_font=&#8221;||||||||&#8221; header_font_size=&#8221;17px&#8221; header_line_height=&#8221;1.3em&#8221; body_font=&#8221;||on||||||&#8221; body_line_height=&#8221;1.3em&#8221; link_option_url=&#8221;https:\/\/mppt.hu\/magazin\/pdf\/xvii-evfolyam-4-szam\/orosz_2015_dec.pdf&#8221; link_option_url_new_window=&#8221;on&#8221;]<\/p>\n<p>P\u00e9ter Orosz<\/p>\n<p>[\/et_pb_blurb][et_pb_toggle title=&#8221;Abstract&#8221; closed_toggle_text_color=&#8221;#000000&#8243; closed_toggle_background_color=&#8221;rgba(0,0,0,0)&#8221; icon_color=&#8221;#0c71c3&#8243; _builder_version=&#8221;3.22.7&#8243; title_font=&#8221;|600|||||||&#8221; title_letter_spacing=&#8221;1px&#8221; text_orientation=&#8221;justified&#8221; custom_padding=&#8221;0px||10px&#8221; border_width_all=&#8221;0px&#8221; border_width_bottom=&#8221;1px&#8221;]<\/p>\n<p class=\"art\">Cardioembolisation is responsible for 20 percent of ischaemic stroke cases, which most commonly derives from non-valvular atrial fibrillation. Although warfarin is highly effective in<br \/>primary and secondary stroke prevention, its use is limited by the high risk of haemorrhagic<br \/>complications and a narrow therapeutic range that needs regular monitoring of INR. These<br \/>limitations explained the strong need for developing new oral anticoagulants. The so-called<br \/>\u2019new oral anticoagulants\u2019 are trying to find new targets for modifying the coagulation cascade. Apixaban, edoxaban and rivaroxaban are direct factor Xa inhibitors, while dabigatran<br \/>works as a direct thrombin inhibitor. Recent phase-III clinical trials proved their effectiveness<br \/>in stroke prevention and risk reducing of haemorrhagic events as well, so they can already<br \/>be found as recommended drugs in new guidelines of European and American societies of<br \/>cardiology and stroke. The use of new oral anticoagulants instead of warfarin in patients with<br \/>atrial fibrillation or as a secondary prevention after cardioembolic stroke has to be considered.<\/p>\n<p class=\"art\">Keywords: stroke, atrial fibrillation, new oral anticoagulants<\/p>\n<p>[\/et_pb_toggle][et_pb_blurb title=&#8221;Application of levodopa\/carbidopa intestinal gel in advanced Parkinson&#8217;s disease&#8221; url=&#8221;https:\/\/mppt.hu\/magazin\/pdf\/xvii-evfolyam-4-szam\/toth_2015_dec.pdf&#8221; url_new_window=&#8221;on&#8221; image=&#8221;https:\/\/mppt.hu\/wp-content\/uploads\/2019\/04\/pdf.png&#8221; icon_placement=&#8221;left&#8221; image_max_width=&#8221;105%&#8221; content_max_width=&#8221;1100px&#8221; _builder_version=&#8221;3.22.7&#8243; header_font=&#8221;||||||||&#8221; header_font_size=&#8221;17px&#8221; header_line_height=&#8221;1.3em&#8221; body_font=&#8221;||on||||||&#8221; body_line_height=&#8221;1.3em&#8221; link_option_url=&#8221;https:\/\/mppt.hu\/magazin\/pdf\/xvii-evfolyam-4-szam\/toth_2015_dec.pdf&#8221; link_option_url_new_window=&#8221;on&#8221;]<\/p>\n<p>Adri\u00e1n T\u00f3th, Helga Nagy, Judit Wacha, D\u00e1niel\u00a0 Bereczki and Annam\u00e1ria Tak\u00e1ts<\/p>\n<p>[\/et_pb_blurb][et_pb_toggle title=&#8221;Abstract&#8221; closed_toggle_text_color=&#8221;#000000&#8243; closed_toggle_background_color=&#8221;rgba(0,0,0,0)&#8221; icon_color=&#8221;#0c71c3&#8243; _builder_version=&#8221;3.22.7&#8243; title_font=&#8221;|600|||||||&#8221; title_letter_spacing=&#8221;1px&#8221; text_orientation=&#8221;justified&#8221; custom_padding=&#8221;0px||10px&#8221; border_width_all=&#8221;0px&#8221; border_width_bottom=&#8221;1px&#8221;]<\/p>\n<p class=\"art\">Parkinson\u2019s disease is the second most common neurodegenerative disorder around the<br \/>world. Levodopa has remained the \u201dgold standard\u201d of the therapy even several decades<br \/>after its introduction. Chronic levodopa treatment is associated with the development of<br \/>motor complications in most patients. Advanced Parkinson\u2019s disease is characterized by<br \/>these complications: motor and non-motor fluctuation and disturbing dyskinesia. Continuous dopaminergic stimulation might reduce these complications. In advanced Parkinson\u2019s<br \/>disease levodopa is still effective. In the treatment of this stage there are several advanced or<br \/>device-aided therapies: apomorphine pump, deep brain stimulation and levodopa\/carbidopa<br \/>intestinal gel. Levodopa\/carbidopa intestinal gel is an aqueous gel that can be delivered to<br \/>the jejunum via a percutaneous gastrojejunostomy tube which is connected to an infusion<br \/>pump dosing the levodopa gel continuously to the place of absorption. Levodopa\/carbidopa<br \/>gel infusion can be used as monotherapy, can be tested, can be used individually and this<br \/>therapy is reversible. Several clinical trials demonstrated that levodopa\/carbidopa intestinal<br \/>gel therapy is of long-term benefit, improves the quality of life of the patients and can reduce<br \/>motor fluctuation and dyskinesia.<\/p>\n<p class=\"art\">Keywords: advanced Parkinson\u2019s disease, motor and non-motor fluctuation, dyskinesia,<br \/>continuous dopaminergic stimulation, advanced therapy, levodopa\/carbidopa intestinal gel<\/p>\n<p>[\/et_pb_toggle][et_pb_blurb title=&#8221;Oral disease-modifying agents in relapsing-remitting multiple sclerosis&#8221; url=&#8221;https:\/\/mppt.hu\/magazin\/pdf\/xvii-evfolyam-4-szam\/iljicsov_2015_dec.pdf&#8221; url_new_window=&#8221;on&#8221; image=&#8221;https:\/\/mppt.hu\/wp-content\/uploads\/2019\/04\/pdf.png&#8221; icon_placement=&#8221;left&#8221; image_max_width=&#8221;105%&#8221; content_max_width=&#8221;1100px&#8221; _builder_version=&#8221;3.22.7&#8243; header_font=&#8221;||||||||&#8221; header_font_size=&#8221;17px&#8221; header_line_height=&#8221;1.3em&#8221; body_font=&#8221;||on||||||&#8221; body_line_height=&#8221;1.3em&#8221; link_option_url=&#8221;https:\/\/mppt.hu\/magazin\/pdf\/xvii-evfolyam-4-szam\/iljicsov_2015_dec.pdf&#8221; link_option_url_new_window=&#8221;on&#8221;]<\/p>\n<p>Anna Iljicsov, Zsuzsanna\u00a0 P\u00e1l and Magdolna Sim\u00f3<\/p>\n<p>[\/et_pb_blurb][et_pb_toggle title=&#8221;Abstract&#8221; closed_toggle_text_color=&#8221;#000000&#8243; closed_toggle_background_color=&#8221;rgba(0,0,0,0)&#8221; icon_color=&#8221;#0c71c3&#8243; _builder_version=&#8221;3.22.7&#8243; title_font=&#8221;|600|||||||&#8221; title_letter_spacing=&#8221;1px&#8221; text_orientation=&#8221;justified&#8221; custom_padding=&#8221;0px||10px&#8221; border_width_all=&#8221;0px&#8221; border_width_bottom=&#8221;1px&#8221;]<\/p>\n<p class=\"art\">In relapsing-remitting multiple sclerosis, only parenteral immunomodulatory treatments<br \/>existed for 15 years, until 2010. In recent years, novel disease-modifying agents became available with new mechanisms of action and oral application, which expanded therapeutic options.<br \/>Thus, when making therapeutic decisions, more and new aspects should be considered, and<br \/>the daily practice of patient management has been changed due to the different profile of<br \/>possible side-effects. The authors review the mechanism of action, pharmacokinetics, studies<br \/>regarding efficacy, side-effects of first- and second line oral disease-modifying treatments and<br \/>provide practical guide of their everyday usage.<\/p>\n<p class=\"art\">Keywords: relapsing-remitting multiple sclerosis, disease-modifying treatment, oral therapy<\/p>\n<p>[\/et_pb_toggle][\/et_pb_column_inner][\/et_pb_row_inner][\/et_pb_column][et_pb_column type=&#8221;1_4&#8243; _builder_version=&#8221;3.25&#8243; custom_padding=&#8221;|||&#8221; custom_padding__hover=&#8221;|||&#8221;][et_pb_image src=&#8221;https:\/\/mppt.hu\/wp-content\/uploads\/2019\/05\/borito_honlapra_kicsi.jpg&#8221; align_tablet=&#8221;center&#8221; align_phone=&#8221;&#8221; align_last_edited=&#8221;on|desktop&#8221; _builder_version=&#8221;3.23&#8243; box_shadow_style=&#8221;preset3&#8243;][\/et_pb_image][\/et_pb_column][\/et_pb_section]<\/p>\n","protected":false},"excerpt":{"rendered":"<p>VOLUME 17, ISSUE 4, DECEMBER 2015J\u00e1nos K\u00e1lm\u00e1nIn memoriam Dr. Szil\u00e1rd J\u00e1nos Andr\u00e1s K\u00e1lm\u00e1n J\u00e1nos 2015. okt\u00f3ber 16-\u00e1n elhunyt Dr. Szil\u00e1rd J\u00e1nos Andr\u00e1s, az orvostudom\u00e1nyok kandid\u00e1tusa, emeritus professzor, a Szent-Gy\u00f6rgyi Albert Orvostudom\u00e1nyi Egyetem rektora, az Ideg- \u00e9s Elmegy\u00f3gy\u00e1szati Klinika kor\u00e1bbi tansz\u00e9kvezet\u0151 egyetemi tan\u00e1ra, a Magyar Pszichi\u00e1triai T\u00e1rsas\u00e1g alap\u00edt\u00f3 tagja, a pszichi\u00e1triai szakma \u00f6n\u00e1ll\u00f3sod\u00e1s\u00e1nak, a szoci\u00e1lpszichi\u00e1triai \u00e9s [&hellip;]<\/p>\n","protected":false},"author":4,"featured_media":48307,"comment_status":"closed","ping_status":"closed","template":"","meta":{"_et_pb_use_builder":"on","_et_pb_old_content":"","_et_gb_content_width":"","footnotes":""},"project_category":[60],"project_tag":[],"class_list":["post-49312","project","type-project","status-publish","has-post-thumbnail","hentry","project_category-2015-en"],"_links":{"self":[{"href":"https:\/\/mppt.hu\/en\/wp-json\/wp\/v2\/project\/49312","targetHints":{"allow":["GET"]}}],"collection":[{"href":"https:\/\/mppt.hu\/en\/wp-json\/wp\/v2\/project"}],"about":[{"href":"https:\/\/mppt.hu\/en\/wp-json\/wp\/v2\/types\/project"}],"author":[{"embeddable":true,"href":"https:\/\/mppt.hu\/en\/wp-json\/wp\/v2\/users\/4"}],"replies":[{"embeddable":true,"href":"https:\/\/mppt.hu\/en\/wp-json\/wp\/v2\/comments?post=49312"}],"version-history":[{"count":7,"href":"https:\/\/mppt.hu\/en\/wp-json\/wp\/v2\/project\/49312\/revisions"}],"predecessor-version":[{"id":49542,"href":"https:\/\/mppt.hu\/en\/wp-json\/wp\/v2\/project\/49312\/revisions\/49542"}],"wp:featuredmedia":[{"embeddable":true,"href":"https:\/\/mppt.hu\/en\/wp-json\/wp\/v2\/media\/48307"}],"wp:attachment":[{"href":"https:\/\/mppt.hu\/en\/wp-json\/wp\/v2\/media?parent=49312"}],"wp:term":[{"taxonomy":"project_category","embeddable":true,"href":"https:\/\/mppt.hu\/en\/wp-json\/wp\/v2\/project_category?post=49312"},{"taxonomy":"project_tag","embeddable":true,"href":"https:\/\/mppt.hu\/en\/wp-json\/wp\/v2\/project_tag?post=49312"}],"curies":[{"name":"wp","href":"https:\/\/api.w.org\/{rel}","templated":true}]}}