{"id":49314,"date":"2015-06-27T06:58:37","date_gmt":"2015-06-27T06:58:37","guid":{"rendered":"https:\/\/mppt.hu\/project\/2015-junius-xvii-evfolyam-2-szam\/"},"modified":"2020-10-29T15:26:20","modified_gmt":"2020-10-29T15:26:20","slug":"2015-junius-xvii-evfolyam-2-szam","status":"publish","type":"project","link":"https:\/\/mppt.hu\/en\/project\/2015-junius-xvii-evfolyam-2-szam\/","title":{"rendered":"Volume 17, Issue 2, June 2015"},"content":{"rendered":"<p>[et_pb_section fb_built=&#8221;1&#8243; _builder_version=&#8221;3.22.7&#8243; custom_padding=&#8221;||5px|||&#8221;][et_pb_row _builder_version=&#8221;3.25&#8243;][et_pb_column type=&#8221;4_4&#8243; _builder_version=&#8221;3.25&#8243; custom_padding=&#8221;|||&#8221; custom_padding__hover=&#8221;|||&#8221;][et_pb_text _builder_version=&#8221;3.27.4&#8243;]<\/p>\n<h4 style=\"text-align: center;\" data-mce-style=\"text-align: center;\">VOLUME 17, ISSUE 2, JUNE 2015<\/h4>\n<p>[\/et_pb_text][\/et_pb_column][\/et_pb_row][\/et_pb_section][et_pb_section fb_built=&#8221;1&#8243; specialty=&#8221;on&#8221; _builder_version=&#8221;3.22.3&#8243; custom_padding=&#8221;24px|0px|25px|0px|false|false&#8221;][et_pb_column type=&#8221;3_4&#8243; specialty_columns=&#8221;3&#8243; _builder_version=&#8221;3.25&#8243; custom_padding=&#8221;|||&#8221; custom_padding__hover=&#8221;|||&#8221;][et_pb_row_inner _builder_version=&#8221;3.25&#8243;][et_pb_column_inner saved_specialty_column_type=&#8221;3_4&#8243; _builder_version=&#8221;3.25&#8243; custom_padding=&#8221;|||&#8221; custom_padding__hover=&#8221;|||&#8221;][et_pb_blurb title=&#8221;Editoral in Hungarian &#8221; url=&#8221;https:\/\/mppt.hu\/magazin\/pdf\/xvii-evfolyam-2-szam\/szerklevel_nph_2015_jun.pdf&#8221; url_new_window=&#8221;on&#8221; image=&#8221;https:\/\/mppt.hu\/wp-content\/uploads\/2019\/04\/pdf.png&#8221; icon_placement=&#8221;left&#8221; image_max_width=&#8221;105%&#8221; content_max_width=&#8221;1100px&#8221; _builder_version=&#8221;3.22.7&#8243; header_font=&#8221;||||||||&#8221; header_font_size=&#8221;17px&#8221; header_line_height=&#8221;1.3em&#8221; body_font=&#8221;||on||||||&#8221; body_line_height=&#8221;1.3em&#8221; link_option_url=&#8221;https:\/\/mppt.hu\/magazin\/pdf\/xvii-evfolyam-2-szam\/szerklevel_nph_2015_jun.pdf&#8221; link_option_url_new_window=&#8221;on&#8221;]<\/p>\n<p>S\u00e1ndor Kalm\u00e1r<\/p>\n<p>[\/et_pb_blurb][et_pb_toggle title=&#8221;Abstract&#8221; closed_toggle_text_color=&#8221;#000000&#8243; closed_toggle_background_color=&#8221;rgba(0,0,0,0)&#8221; icon_color=&#8221;#0c71c3&#8243; _builder_version=&#8221;3.22.7&#8243; title_font=&#8221;|600|||||||&#8221; title_letter_spacing=&#8221;1px&#8221; text_orientation=&#8221;justified&#8221; custom_padding=&#8221;0px||10px&#8221; border_width_all=&#8221;0px&#8221; border_width_bottom=&#8221;1px&#8221;]<\/p>\n<h4 class=\"art\">A neurol\u00f3giai \u00e9s neuropszichopharmakol\u00f3giai kutat\u00e1sok jelent\u0151s\u00e9ge a szem\u00e9lyis\u00e9gfejl\u0151d\u00e9s sor\u00e1n tapasztalt elv\u00e1ltoz\u00e1sok meg\u00e9rt\u00e9se \u00e9s kezel\u00e9se szempontj\u00e1b\u00f3l<\/h4>\n<div class=\"autors\">Kalm\u00e1r S\u00e1ndor<\/div>\n<hr class=\"system-readmore\">\n<div class=\"artbody\">\n<p>Bizony\u00edtott t\u00e9ny, hogy a pszichi\u00e1triai betegs\u00e9gek jelent\u0151s r\u00e9sze el\u0151sz\u00f6r a serd\u00fcl\u0151korban \u00e9s a fiatal feln\u0151tt korban manifeszt\u00e1l\u00f3dik, ami azt jelzi, hogy a sz\u00fclet\u00e9st\u0151l a feln\u0151tt\u00e9 v\u00e1l\u00e1sig tart\u00f3 \u00faton sz\u00e1mos hi\u00e1nyoss\u00e1ggal \u00e9s hib\u00e1val kell sz\u00e1molni, amelyek sem felismer\u00e9sre, sem megfelel\u0151 kezel\u00e9sre nem ker\u00fclnek. A sz\u00fclet\u00e9st\u0151l a feln\u0151tt\u00e9 v\u00e1l\u00e1s folyamat\u00e1nak (szubjekt\u00edv) pszichol\u00f3giai le\u00edr\u00e1sait j\u00f3l ismerj\u00fck, azonban az egyes fejl\u0151d\u00e9si szakaszokr\u00f3l, azok eg\u00e9szs\u00e9ges \u00e9s k\u00f3ros elv\u00e1ltoz\u00e1sainak idegrendszeri morfol\u00f3giai, biok\u00e9miai \u00e9s funkcion\u00e1lis elt\u00e9r\u00e9seir\u0151l kev\u00e9s, a gyakorlatban hasznos\u00edthat\u00f3 term\u00e9szettudom\u00e1nyos, organikus neurol\u00f3giai ismerettel rendelkez\u00fcnk. A rendk\u00edv\u00fcl gazdag \u00e9s sz\u00ednes pszichopatol\u00f3giai, pszichoszomatikus \u00e9s magatart\u00e1si t\u00fcnetr\u0151l sok ismeret\u00fcnk van, de ezek organikus eredete pontosan nem ismert, \u00edgy azok hat\u00e9kony befoly\u00e1sol\u00e1s\u00e1ra, kezel\u00e9s\u00e9re a legt\u00f6bb esetben nincs lehet\u0151s\u00e9g\u00fcnk. A k\u00fcl\u00f6nb\u00f6z\u0151 pszichol\u00f3giai le\u00edr\u00e1sok egy\u00e1ltal\u00e1n nem foglalkoznak sem a norm\u00e1lis fejl\u0151d\u00e9s, sem a k\u00f3ros elv\u00e1ltoz\u00e1sok idegrendszeri eredet\u00e9vel \u00e9s okaival. Az senki el\u0151tt nem k\u00e9ts\u00e9ges, hogy minden magatart\u00e1snak, pszichopatol\u00f3giai \u00e9s magatart\u00e1s t\u00fcnetnek a h\u00e1tter\u00e9ben valamilyen organikus neurol\u00f3giai, biok\u00e9miai elv\u00e1ltoz\u00e1s tal\u00e1lhat\u00f3, de ezek gy\u00f3gyszeres kezel\u00e9se ma m\u00e9g a mindennapi gy\u00f3gy\u00edt\u00e1s sor\u00e1n nem biztos\u00edtott.<\/p>\n<\/div>\n<h4 class=\"art\"><\/h4>\n<p>[\/et_pb_toggle][et_pb_blurb title=&#8221;The temporal accuracy of agomelatine administration and comparison of antidepressant effect of agomelatine and escitalopram in major depression, a retrospective investigation at a psychiatric outpatient clinic&#8221; url=&#8221;https:\/\/mppt.hu\/magazin\/pdf\/xvii-evfolyam-2-szam\/domotor_nph_2015_jun.pdf&#8221; url_new_window=&#8221;on&#8221; image=&#8221;https:\/\/mppt.hu\/wp-content\/uploads\/2019\/04\/pdf.png&#8221; icon_placement=&#8221;left&#8221; image_max_width=&#8221;105%&#8221; content_max_width=&#8221;1100px&#8221; _builder_version=&#8221;3.22.7&#8243; header_font=&#8221;||||||||&#8221; header_font_size=&#8221;17px&#8221; header_line_height=&#8221;1.3em&#8221; body_font=&#8221;||on||||||&#8221; body_line_height=&#8221;1.3em&#8221; link_option_url=&#8221;https:\/\/mppt.hu\/magazin\/pdf\/xvii-evfolyam-2-szam\/domotor_nph_2015_jun.pdf&#8221; link_option_url_new_window=&#8221;on&#8221;]<\/p>\n<p>Eszter\u00a0 D\u00f6m\u00f6t\u00f6r and \u00c9va Fogarassy Herm\u00e1nn\u00e9<\/p>\n<p>[\/et_pb_blurb][et_pb_toggle title=&#8221;Abstract&#8221; closed_toggle_text_color=&#8221;#000000&#8243; closed_toggle_background_color=&#8221;rgba(0,0,0,0)&#8221; icon_color=&#8221;#0c71c3&#8243; _builder_version=&#8221;3.22.7&#8243; title_font=&#8221;|600|||||||&#8221; title_letter_spacing=&#8221;1px&#8221; text_orientation=&#8221;justified&#8221; custom_padding=&#8221;0px||10px&#8221; border_width_all=&#8221;0px&#8221; border_width_bottom=&#8221;1px&#8221;]<\/p>\n<p class=\"art\">Aim: The assessment of antidepressant efficacy of agomelatine, a new chronobiological type<br \/>of antidepressant as a function of the temporal accuracy of administration, compared to<br \/>the antidepressive effect of escitalopram. Methods: In our retrospective study at the end of<br \/>a 12-week treatment improvement rates were analysed in all depressed patients attending<br \/>our ourpatient clinic receiving agomelatine (25 or 50 mg daily) or escitalopram (10 or 20 mg<br \/>daily) monotherapy initiated between 01. 03. 2014 and 01. 03. 2015 Follow-up interviews were<br \/>conducted to evaluate temporal accuracy of agomelatine administration in the evenings and<br \/>we divided our group into accurately and inaccurately administered agomelatine groups.<br \/>Results: In the inaccurately administered agomelatine group (n=16) after 12 weeks 7 patients<br \/>(43.7 %) showed no improvement, 7 patients showed response (43.7%), and two entered remission (12.5%). In the accurately administered agomelatine group (n=63) 18 patients showed<br \/>no improvement (28.6%), 15 were responders (23.8%) and 30 patients entered remission<br \/>(47.6%). Regarding the improvement rates there was a significant difference between the two<br \/>agomelatine groups (p=0.034). Comparing the 12-week improvement ratio of the accurate<br \/>agomelatine group to all patients in the outpatient practice (n=62) receiving escitalopram<br \/>(30 vs 29 remitters, 15 vs 15 responders, and 18 vs 18) no difference in improvement rates<br \/>was shown between groups (p= 0.982). Conclusions: Our results show for the first time that<br \/>the accuracy of administration of evening agomelatine medication has a crucial importance<br \/>in terms of efficacy, furthermore confirm the results of previous international clinical trials<br \/>that the antidepressant agomelatine exerts the same strength of antidepressant effect as the<br \/>clinically proven escitalopram.<\/p>\n<p class=\"art\">Keywords: agomelatine, escitalopram, major depression<\/p>\n<p>[\/et_pb_toggle][et_pb_blurb title=&#8221;An update on the conceptual and classification issues of anxiety, its neuroanatomy and problems of anxiolytic drug discovery&#8221; url=&#8221;https:\/\/mppt.hu\/magazin\/pdf\/xvii-evfolyam-2-szam\/faludi_nph_2015_jun.pdf&#8221; url_new_window=&#8221;on&#8221; image=&#8221;https:\/\/mppt.hu\/wp-content\/uploads\/2019\/04\/pdf.png&#8221; icon_placement=&#8221;left&#8221; image_max_width=&#8221;105%&#8221; content_max_width=&#8221;1100px&#8221; _builder_version=&#8221;3.22.7&#8243; header_font=&#8221;||||||||&#8221; header_font_size=&#8221;17px&#8221; header_line_height=&#8221;1.3em&#8221; body_font=&#8221;||on||||||&#8221; body_line_height=&#8221;1.3em&#8221; link_option_url=&#8221;https:\/\/mppt.hu\/magazin\/pdf\/xvii-evfolyam-2-szam\/faludi_nph_2015_jun.pdf&#8221; link_option_url_new_window=&#8221;on&#8221;]<\/p>\n<p>G\u00e1bor Faludi, X\u00e9nia Gonda, and P\u00e9ter D\u00f6me<\/p>\n<p>[\/et_pb_blurb][et_pb_toggle title=&#8221;Abstract&#8221; closed_toggle_text_color=&#8221;#000000&#8243; closed_toggle_background_color=&#8221;rgba(0,0,0,0)&#8221; icon_color=&#8221;#0c71c3&#8243; _builder_version=&#8221;3.22.7&#8243; title_font=&#8221;|600|||||||&#8221; title_letter_spacing=&#8221;1px&#8221; text_orientation=&#8221;justified&#8221; custom_padding=&#8221;0px||10px&#8221; border_width_all=&#8221;0px&#8221; border_width_bottom=&#8221;1px&#8221;]<\/p>\n<p class=\"art\">Anxiety disorders are highly prevalent psychiatric diseases. In this short review we provide an<br \/>overview of concepts of fear, anxiety and anxiety disorders. In addition, based on the recent<br \/>literature, neuroanatomical structures involved in anxiety and functional\/structural changes<br \/>of these structures in anxiety disorders are also discussed. Furthemore, the pitfalls of anxiolytic<br \/>drug discovery is also concerned in the paper.<\/p>\n<p class=\"art\">Keywords: anxiety; neurobiology; neuroimaging; drug discovery<\/p>\n<p>[\/et_pb_toggle][et_pb_blurb title=&#8221;Antidepressants, stressors and the serotonin 1A receptor&#8221; url=&#8221;https:\/\/mppt.hu\/magazin\/pdf\/xvii-evfolyam-2-szam\/kirilly_nph_2015_jun.pdf&#8221; url_new_window=&#8221;on&#8221; image=&#8221;https:\/\/mppt.hu\/wp-content\/uploads\/2019\/04\/pdf.png&#8221; icon_placement=&#8221;left&#8221; image_max_width=&#8221;105%&#8221; content_max_width=&#8221;1100px&#8221; _builder_version=&#8221;3.22.7&#8243; header_font=&#8221;||||||||&#8221; header_font_size=&#8221;17px&#8221; header_line_height=&#8221;1.3em&#8221; body_font=&#8221;||on||||||&#8221; body_line_height=&#8221;1.3em&#8221; link_option_url=&#8221;https:\/\/mppt.hu\/magazin\/pdf\/xvii-evfolyam-2-szam\/kirilly_nph_2015_jun.pdf&#8221; link_option_url_new_window=&#8221;on&#8221;]<\/p>\n<p>Eszter Kirilly, X\u00e9nia Gonda, and Gy\u00f6rgy Bagdy<\/p>\n<p>[\/et_pb_blurb][et_pb_toggle title=&#8221;Abstract&#8221; closed_toggle_text_color=&#8221;#000000&#8243; closed_toggle_background_color=&#8221;rgba(0,0,0,0)&#8221; icon_color=&#8221;#0c71c3&#8243; _builder_version=&#8221;3.22.7&#8243; title_font=&#8221;|600|||||||&#8221; title_letter_spacing=&#8221;1px&#8221; text_orientation=&#8221;justified&#8221; custom_padding=&#8221;0px||10px&#8221; border_width_all=&#8221;0px&#8221; border_width_bottom=&#8221;1px&#8221;]<\/p>\n<p class=\"art\">5-HT1A receptor is a receptor of surprises. Buspirone, an anxiolytic drug with a then yet unidentified mechanism of action had been marketed for years when it was discovered that it<br \/>is a 5-HT1A partial agonist. Several more years had to pass before it was accepted that this<br \/>receptor plays the key role in the action mechanism of buspirone. This was followed by<br \/>further surprises. It was discovered that in spite of its anxiolytic effect buspirone activates<br \/>the hypothalamic-pituitary-adrenal (HPA) stress axis, furthermore, it increases peripheral<br \/>noradrenaline and adrenaline concentration via a central mechanism. Thus activation of this<br \/>receptor leads to ACTH\/corticosterone and catecholamine release and also increases betaendorphine, oxytocin and prolactin secretion while decreasing body temperature, increasing<br \/>food uptake, eliciting characteristic behavioural responses in rodents and also playing a role<br \/>in the development of certain types of epilepsy. Human genetic studies revealed the role of<br \/>5-HT1A receptors in cognitive processes playing a role in the development of depression such<br \/>as impulsiveness or response to environmental stress. This exceptionally wide spectrum of<br \/>effects is attributable to the presence of 5-HT1A receptors in serotonergic as well as other, for<br \/>example glutamatergic, cholinergic, dopaminergic and noradrenergic neurons. The majority of the effects of 5-HT1A receptors is manifested via the mediation of Gi<br \/>proteins through<br \/>the hyperpolarisation or inhibition of the neuron carrying the receptor. 5-HT1A receptors on<br \/>serotonergic neurons can be found in the somatodendritic area and play a significant role in<br \/>delaying the effects of antidepressants which is an obvious disadvantage. Therefore the newest serotonergic antidepressants including vilazodone and vortioxetine have been designed<br \/>to possess 5-HT1A receptor partial agonist properties. In the present paper we focus primarily<br \/>on the role of 5-HT1A receptors in stress and antidepressant response.<\/p>\n<p class=\"art\">Keywords: 5-HT1A receptor, stress, antidepressants, anxiolytics, HPA-axis, vilazodone,<br \/>vortioxetine<\/p>\n<p>[\/et_pb_toggle][et_pb_blurb title=&#8221;The most important obstacles of the Development of Hungarian Psychiatry&#8221; url=&#8221;https:\/\/mppt.hu\/magazin\/pdf\/xvii-evfolyam-2-szam\/kalmar_nph_2015_jun.pdf&#8221; url_new_window=&#8221;on&#8221; image=&#8221;https:\/\/mppt.hu\/wp-content\/uploads\/2019\/04\/pdf.png&#8221; icon_placement=&#8221;left&#8221; image_max_width=&#8221;105%&#8221; content_max_width=&#8221;1100px&#8221; _builder_version=&#8221;3.22.7&#8243; header_font=&#8221;||||||||&#8221; header_font_size=&#8221;17px&#8221; header_line_height=&#8221;1.3em&#8221; body_font=&#8221;||on||||||&#8221; body_line_height=&#8221;1.3em&#8221; link_option_url=&#8221;https:\/\/mppt.hu\/magazin\/pdf\/xvii-evfolyam-2-szam\/kalmar_nph_2015_jun.pdf&#8221; link_option_url_new_window=&#8221;on&#8221;]<\/p>\n<p>S\u00e1ndor Kalm\u00e1r<\/p>\n<p>[\/et_pb_blurb][et_pb_toggle title=&#8221;Abstract&#8221; closed_toggle_text_color=&#8221;#000000&#8243; closed_toggle_background_color=&#8221;rgba(0,0,0,0)&#8221; icon_color=&#8221;#0c71c3&#8243; _builder_version=&#8221;3.22.7&#8243; title_font=&#8221;|600|||||||&#8221; title_letter_spacing=&#8221;1px&#8221; text_orientation=&#8221;justified&#8221; custom_padding=&#8221;0px||10px&#8221; border_width_all=&#8221;0px&#8221; border_width_bottom=&#8221;1px&#8221;]<\/p>\n<p class=\"art\">A quarter of a century ago the change of the political system in Hungary precipitated a serious value-crisis and caused a lot of harmful effects in nurturing and the development of<br \/>psychiatry. The author establishes that the attack against psychiatry is more intensive than<br \/>previously but neither the education and health management nor the psychiatric leadership<br \/>could cope with these difficulties. It can\u2019t be denied that the foundation of lifelong mental<br \/>health begins in the early life years and about 75% of the first Mental Disorder manifests in<br \/>adolescence and youth. We are not able to ensure the special rights of every child according<br \/>to the Hungarian Constitution and the Declaration of the Rights of the Child by the United<br \/>Nations. The large inequalities within the country, the lack of paramount mental education<br \/>and nurturing, the lack of essential, consistent eternal values, the lack of required psychiatric<br \/>care system are huge obstacles of the development of healthy individual and leads to selfdestructive behaviour and several, serious physical and mental disorders. The purpose of the<br \/>author is to call psychiatrists\u2019 attention to the main obstacles of the development of Hungarian<br \/>Psychiatric Care System. The main obstacles of the present psychiatric care system:<br \/>1. Unclarified notions, confusion of ideas.<br \/>2. Somatic, neurologic, mental, cultural-social and spiritual ignorance.<br \/>3. Lack of organization in Mental Education and Psychiatric Care System.<br \/>4. Value-crisis in our society despite the fact that the \u201dCouncil of Wise Men\u201d created a \u201dScale<br \/>of the Essential Consistent Eternal Values\u201d for the Hungarian Education System in 2008.<br \/>5. Lack of mental health prevention both in education system and health care system. There<br \/>is no teaching of hygiene lessons in the Hungarian schools.<br \/>6. Negligence and selfishness among the population.<br \/>7. Disinterest among competent authorities.<br \/>8. Leaving the most important possibilities out of consideration.<br \/>The author establishes that the elimination of the above mentioned obstacles, the high standard of psychiatric care system, &#8211; especially the child psychiatric care system \u2013 and paramount<br \/>mental education are extraordinarily important to prevent most psychiatric disorders and help<br \/>the development of healthy and happy people. If human individuals are the most important<br \/>ones in our society, if we eliminate the main obstacles of the development of psychiatry, we<br \/>ensure to improve Hungarian psychiatry again, we shall be able to say that \u201dthe spiritual light<br \/>is shining through the windows of every house\u201d, and our work will not be a quixotic struggle<br \/>or \u201dtilting at windmills\u201d.<\/p>\n<p class=\"art\">Keywords: crisis of psychiatry, mental, cultural, spiritual ignorance, disinterest, lack of mental<br \/>prevention, teaching of hygiene lessons, value crisis, obstacles and possibilities.<\/p>\n<p>[\/et_pb_toggle][et_pb_blurb title=&#8221;The importance of early diagnosis and intervention in children diagnosed with reading disorder. Case studies&#8221; url=&#8221;https:\/\/mppt.hu\/magazin\/pdf\/xvii-evfolyam-2-szam\/toro_nph_2015_jun.pdf&#8221; url_new_window=&#8221;on&#8221; image=&#8221;https:\/\/mppt.hu\/wp-content\/uploads\/2019\/04\/pdf.png&#8221; icon_placement=&#8221;left&#8221; image_max_width=&#8221;105%&#8221; content_max_width=&#8221;1100px&#8221; _builder_version=&#8221;3.22.7&#8243; header_font=&#8221;||||||||&#8221; header_font_size=&#8221;17px&#8221; header_line_height=&#8221;1.3em&#8221; body_font=&#8221;||on||||||&#8221; body_line_height=&#8221;1.3em&#8221; link_option_url=&#8221;https:\/\/mppt.hu\/magazin\/pdf\/xvii-evfolyam-2-szam\/toro_nph_2015_jun.pdf&#8221; link_option_url_new_window=&#8221;on&#8221;]<\/p>\n<p>Krisztina T\u00f6r\u0151 and Judit Bal\u00e1zs<\/p>\n<p>[\/et_pb_blurb][et_pb_toggle title=&#8221;Abstract&#8221; closed_toggle_text_color=&#8221;#000000&#8243; closed_toggle_background_color=&#8221;rgba(0,0,0,0)&#8221; icon_color=&#8221;#0c71c3&#8243; _builder_version=&#8221;3.22.7&#8243; title_font=&#8221;|600|||||||&#8221; title_letter_spacing=&#8221;1px&#8221; text_orientation=&#8221;justified&#8221; custom_padding=&#8221;0px||10px&#8221; border_width_all=&#8221;0px&#8221; border_width_bottom=&#8221;1px&#8221;]<\/p>\n<p class=\"art\">Reading Disorder (RD) belongs to Specific Learning Disorders within the chapter of Neurodevelopmental Disorders in the Diagnostic and Statistic Manual of Mental Disorders 5th edition.<br \/>Previous research shows that the time of the diagnosis of RD \u2013 early (before starting school) or<br \/>late \u2013 has a great impact on the prognosis. In the current paper we present the cases of two<br \/>children diagnosed with RD. Our cases demonstrate that if RD is diagnosed in early childhood,<br \/>the child\u2019s and his\/her family\u2019s quality of life can be influenced in a positive direction, while<br \/>late recognition of RD might influence the child\u2019s and the family\u2019s quality of life negatively.<br \/>For these reasons it is important that experts recognize RD in time, start appropriate treatment<br \/>and give proper support to children diagnosed with RD and their families.<\/p>\n<p class=\"art\">Keywords: reading disorder, dyslexia, quality of life, diagnostics, therapy<\/p>\n<p>[\/et_pb_toggle][\/et_pb_column_inner][\/et_pb_row_inner][\/et_pb_column][et_pb_column type=&#8221;1_4&#8243; _builder_version=&#8221;3.25&#8243; custom_padding=&#8221;|||&#8221; custom_padding__hover=&#8221;|||&#8221;][et_pb_image src=&#8221;https:\/\/mppt.hu\/wp-content\/uploads\/2019\/05\/b1_nph_2015_jun_kicsi.jpg&#8221; align_tablet=&#8221;center&#8221; align_phone=&#8221;&#8221; align_last_edited=&#8221;on|desktop&#8221; _builder_version=&#8221;3.23&#8243; box_shadow_style=&#8221;preset3&#8243;][\/et_pb_image][\/et_pb_column][\/et_pb_section]<\/p>\n","protected":false},"excerpt":{"rendered":"<p>VOLUME 17, ISSUE 2, JUNE 2015S\u00e1ndor Kalm\u00e1rA neurol\u00f3giai \u00e9s neuropszichopharmakol\u00f3giai kutat\u00e1sok jelent\u0151s\u00e9ge a szem\u00e9lyis\u00e9gfejl\u0151d\u00e9s sor\u00e1n tapasztalt elv\u00e1ltoz\u00e1sok meg\u00e9rt\u00e9se \u00e9s kezel\u00e9se szempontj\u00e1b\u00f3lKalm\u00e1r S\u00e1ndorBizony\u00edtott t\u00e9ny, hogy a pszichi\u00e1triai betegs\u00e9gek jelent\u0151s r\u00e9sze el\u0151sz\u00f6r a serd\u00fcl\u0151korban \u00e9s a fiatal feln\u0151tt korban manifeszt\u00e1l\u00f3dik, ami azt jelzi, hogy a sz\u00fclet\u00e9st\u0151l a feln\u0151tt\u00e9 v\u00e1l\u00e1sig tart\u00f3 \u00faton sz\u00e1mos hi\u00e1nyoss\u00e1ggal \u00e9s hib\u00e1val kell sz\u00e1molni, [&hellip;]<\/p>\n","protected":false},"author":4,"featured_media":48305,"comment_status":"closed","ping_status":"closed","template":"","meta":{"_et_pb_use_builder":"on","_et_pb_old_content":"","_et_gb_content_width":"","footnotes":""},"project_category":[60],"project_tag":[],"class_list":["post-49314","project","type-project","status-publish","has-post-thumbnail","hentry","project_category-2015-en"],"_links":{"self":[{"href":"https:\/\/mppt.hu\/en\/wp-json\/wp\/v2\/project\/49314","targetHints":{"allow":["GET"]}}],"collection":[{"href":"https:\/\/mppt.hu\/en\/wp-json\/wp\/v2\/project"}],"about":[{"href":"https:\/\/mppt.hu\/en\/wp-json\/wp\/v2\/types\/project"}],"author":[{"embeddable":true,"href":"https:\/\/mppt.hu\/en\/wp-json\/wp\/v2\/users\/4"}],"replies":[{"embeddable":true,"href":"https:\/\/mppt.hu\/en\/wp-json\/wp\/v2\/comments?post=49314"}],"version-history":[{"count":8,"href":"https:\/\/mppt.hu\/en\/wp-json\/wp\/v2\/project\/49314\/revisions"}],"predecessor-version":[{"id":49671,"href":"https:\/\/mppt.hu\/en\/wp-json\/wp\/v2\/project\/49314\/revisions\/49671"}],"wp:featuredmedia":[{"embeddable":true,"href":"https:\/\/mppt.hu\/en\/wp-json\/wp\/v2\/media\/48305"}],"wp:attachment":[{"href":"https:\/\/mppt.hu\/en\/wp-json\/wp\/v2\/media?parent=49314"}],"wp:term":[{"taxonomy":"project_category","embeddable":true,"href":"https:\/\/mppt.hu\/en\/wp-json\/wp\/v2\/project_category?post=49314"},{"taxonomy":"project_tag","embeddable":true,"href":"https:\/\/mppt.hu\/en\/wp-json\/wp\/v2\/project_tag?post=49314"}],"curies":[{"name":"wp","href":"https:\/\/api.w.org\/{rel}","templated":true}]}}